{"id":18739,"date":"2024-09-18T20:26:16","date_gmt":"2024-09-18T18:26:16","guid":{"rendered":"https:\/\/www.chambredefan.com\/product\/gilet-jaune-en-mohair-brosse\/"},"modified":"2025-08-16T23:41:16","modified_gmt":"2025-08-16T21:41:16","slug":"gilet-jaune-en-mohair-brosse","status":"publish","type":"product","link":"https:\/\/www.chambredefan.com\/fr\/produit-fr\/gilet-jaune-en-mohair-brosse\/","title":{"rendered":"GILET JAUNE EN MOHAIR BROSS\u00c9"},"content":{"rendered":"<div class=\"wpb-content-wrapper\"><p>[vc_row][vc_column][vc_column_text css=&#8221;&#8221;]<\/p>\n<p>Gilet Jaune En Mohair Bross\u00e9<br \/>\nLe mannequin mesure 175cm et porte une taille S<\/p>\n<p>&nbsp;<\/p>\n<p style=\"text-align: justify;\">Ce gilet court \u00e9pais joue sur les couleurs et les textures pour cr\u00e9er un effet particuli\u00e8rement chaud et \u00e9pais, avec un ourlet arrach\u00e9 \u00e0 la main et des bords c\u00f4tel\u00e9s, dans une teinte subtilement chin\u00e9e. Bross\u00e9 \u00e0 la main.<\/p>\n<p>&nbsp;<\/p>\n<p>Maille \u00e9paisse<\/p>\n<p>&nbsp;<\/p>\n<p>Fabriqu\u00e9 en Italie<\/p>\n<p>[\/vc_column_text][\/vc_column][\/vc_row]<\/p>\n<\/div>","protected":false},"excerpt":{"rendered":"<p>[vc_row][vc_column][vc_column_text css=&#8221;&#8221;] Gilet Jaune En Mohair Bross\u00e9 Le mannequin mesure 175cm et porte une taille S &nbsp; Ce gilet court \u00e9pais joue sur les couleurs et les textures pour cr\u00e9er un effet particuli\u00e8rement chaud et \u00e9pais, avec un ourlet arrach\u00e9 \u00e0 la main et des&#8230;<\/p>\n","protected":false},"featured_media":15510,"template":"","meta":[],"product_brand":[],"product_cat":[378,176,369],"product_tag":[],"class_list":{"0":"post-18739","1":"product","2":"type-product","3":"status-publish","4":"has-post-thumbnail","6":"product_cat-femme-tout-le-pret-a-porter","7":"product_cat-femme-tops-t-shirts","8":"product_cat-femme-soldes","10":"first","11":"instock","12":"taxable","13":"shipping-taxable","14":"purchasable","15":"product-type-variable"},"etheme_brands":{"errors":{"invalid_taxonomy":["Taxonomie non valide."]},"error_data":[]},"_links":{"self":[{"href":"https:\/\/www.chambredefan.com\/fr\/wp-json\/wp\/v2\/product\/18739","targetHints":{"allow":["GET"]}}],"collection":[{"href":"https:\/\/www.chambredefan.com\/fr\/wp-json\/wp\/v2\/product"}],"about":[{"href":"https:\/\/www.chambredefan.com\/fr\/wp-json\/wp\/v2\/types\/product"}],"wp:featuredmedia":[{"embeddable":true,"href":"https:\/\/www.chambredefan.com\/fr\/wp-json\/wp\/v2\/media\/15510"}],"wp:attachment":[{"href":"https:\/\/www.chambredefan.com\/fr\/wp-json\/wp\/v2\/media?parent=18739"}],"wp:term":[{"taxonomy":"product_brand","embeddable":true,"href":"https:\/\/www.chambredefan.com\/fr\/wp-json\/wp\/v2\/product_brand?post=18739"},{"taxonomy":"product_cat","embeddable":true,"href":"https:\/\/www.chambredefan.com\/fr\/wp-json\/wp\/v2\/product_cat?post=18739"},{"taxonomy":"product_tag","embeddable":true,"href":"https:\/\/www.chambredefan.com\/fr\/wp-json\/wp\/v2\/product_tag?post=18739"}],"curies":[{"name":"wp","href":"https:\/\/api.w.org\/{rel}","templated":true}]}}