{"id":18757,"date":"2024-09-18T21:41:36","date_gmt":"2024-09-18T19:41:36","guid":{"rendered":"https:\/\/www.chambredefan.com\/product\/echarpe-jaune-jacquard-en-mohair-brosse\/"},"modified":"2025-08-16T23:42:38","modified_gmt":"2025-08-16T21:42:38","slug":"echarpe-jaune-jacquard-en-mohair-brosse","status":"publish","type":"product","link":"https:\/\/www.chambredefan.com\/fr\/produit-fr\/echarpe-jaune-jacquard-en-mohair-brosse\/","title":{"rendered":"\u00c9CHARPE JAUNE JACQUARD EN MOHAIR BROSS\u00c9"},"content":{"rendered":"<div class=\"wpb-content-wrapper\"><p>[vc_row][vc_column][vc_column_text css=&#8221;&#8221;]<\/p>\n<p>\u00c9charpe Jaune Jacquard En Mohair Bross\u00e9<br \/>\nLe mannequin mesure 175cm et porte une taille S<\/p>\n<p>&nbsp;<\/p>\n<p style=\"text-align: justify;\">Cette \u00e9charpe \u00e9paisse joue sur les couleurs et les textures pour cr\u00e9er un effet particuli\u00e8rement chaud et \u00e9pais, avec des franges faites \u00e0 la main, dans une teinte subtilement chin\u00e9e. Enroulez-la autour de votre cou ou de vos \u00e9paules pour un sentiment de confort suppl\u00e9mentaire. Bross\u00e9 \u00e0 la main.<\/p>\n<p>&nbsp;<\/p>\n<p>Maille \u00e9paisse<\/p>\n<p>&nbsp;<\/p>\n<p>Fabriqu\u00e9 en Italie<\/p>\n<p>[\/vc_column_text][\/vc_column][\/vc_row]<\/p>\n<\/div>","protected":false},"excerpt":{"rendered":"<p>[vc_row][vc_column][vc_column_text css=&#8221;&#8221;] \u00c9charpe Jaune Jacquard En Mohair Bross\u00e9 Le mannequin mesure 175cm et porte une taille S &nbsp; Cette \u00e9charpe \u00e9paisse joue sur les couleurs et les textures pour cr\u00e9er un effet particuli\u00e8rement chaud et \u00e9pais, avec des franges faites \u00e0 la main, dans une&#8230;<\/p>\n","protected":false},"featured_media":15495,"template":"","meta":[],"product_brand":[],"product_cat":[114,376,369],"product_tag":[],"class_list":{"0":"post-18757","1":"product","2":"type-product","3":"status-publish","4":"has-post-thumbnail","6":"product_cat-tous-les-accessoires","7":"product_cat-echarpes","8":"product_cat-femme-soldes","10":"first","11":"instock","12":"taxable","13":"shipping-taxable","14":"purchasable","15":"product-type-variable"},"etheme_brands":{"errors":{"invalid_taxonomy":["Taxonomie non valide."]},"error_data":[]},"_links":{"self":[{"href":"https:\/\/www.chambredefan.com\/fr\/wp-json\/wp\/v2\/product\/18757","targetHints":{"allow":["GET"]}}],"collection":[{"href":"https:\/\/www.chambredefan.com\/fr\/wp-json\/wp\/v2\/product"}],"about":[{"href":"https:\/\/www.chambredefan.com\/fr\/wp-json\/wp\/v2\/types\/product"}],"wp:featuredmedia":[{"embeddable":true,"href":"https:\/\/www.chambredefan.com\/fr\/wp-json\/wp\/v2\/media\/15495"}],"wp:attachment":[{"href":"https:\/\/www.chambredefan.com\/fr\/wp-json\/wp\/v2\/media?parent=18757"}],"wp:term":[{"taxonomy":"product_brand","embeddable":true,"href":"https:\/\/www.chambredefan.com\/fr\/wp-json\/wp\/v2\/product_brand?post=18757"},{"taxonomy":"product_cat","embeddable":true,"href":"https:\/\/www.chambredefan.com\/fr\/wp-json\/wp\/v2\/product_cat?post=18757"},{"taxonomy":"product_tag","embeddable":true,"href":"https:\/\/www.chambredefan.com\/fr\/wp-json\/wp\/v2\/product_tag?post=18757"}],"curies":[{"name":"wp","href":"https:\/\/api.w.org\/{rel}","templated":true}]}}