{"id":19573,"date":"2024-12-10T00:43:43","date_gmt":"2024-12-09T22:43:43","guid":{"rendered":"https:\/\/www.chambredefan.com\/product\/pull-nori-niodelle-s\/"},"modified":"2025-08-17T00:07:07","modified_gmt":"2025-08-16T22:07:07","slug":"pull-nori-niodelle-s","status":"publish","type":"product","link":"https:\/\/www.chambredefan.com\/fr\/produit-fr\/pull-nori-niodelle-s\/","title":{"rendered":"PULL NORI"},"content":{"rendered":"<div class=\"wpb-content-wrapper\"><p>[vc_row][vc_column][vc_column_text css=&#8221;&#8221;]<\/p>\n<p>Pull Beige Brod\u00e9 \u00c0 La Main<br \/>\nLe mannequin mesure 178cm et porte une taille S<\/p>\n<p>&nbsp;<\/p>\n<p style=\"text-align: justify;\">Ce pull en maille beige, confectionn\u00e9 en laine m\u00e9rinos extrafine et en laine, se distingue par une broderie r\u00e9alis\u00e9e \u00e0 la main, ajoutant une touche artisanale unique. Sa texture douce et sa coupe d\u00e9contract\u00e9e en font une pi\u00e8ce \u00e0 la fois confortable et \u00e9l\u00e9gante.<\/p>\n<p>&nbsp;<\/p>\n<p>Fabriqu\u00e9 en Chine<\/p>\n<p>[\/vc_column_text][\/vc_column][\/vc_row]<\/p>\n<\/div>","protected":false},"excerpt":{"rendered":"<p>[vc_row][vc_column][vc_column_text css=&#8221;&#8221;] Pull Beige Brod\u00e9 \u00c0 La Main Le mannequin mesure 178cm et porte une taille S &nbsp; Ce pull en maille beige, confectionn\u00e9 en laine m\u00e9rinos extrafine et en laine, se distingue par une broderie r\u00e9alis\u00e9e \u00e0 la main, ajoutant une touche artisanale unique&#8230;.<\/p>\n","protected":false},"featured_media":19372,"template":"","meta":[],"product_brand":[],"product_cat":[378,130,369],"product_tag":[],"class_list":{"0":"post-19573","1":"product","2":"type-product","3":"status-publish","4":"has-post-thumbnail","6":"product_cat-femme-tout-le-pret-a-porter","7":"product_cat-femme-pulls-cardigans","8":"product_cat-femme-soldes","10":"first","11":"instock","12":"taxable","13":"shipping-taxable","14":"purchasable","15":"product-type-variable"},"etheme_brands":{"errors":{"invalid_taxonomy":["Taxonomie non valide."]},"error_data":[]},"_links":{"self":[{"href":"https:\/\/www.chambredefan.com\/fr\/wp-json\/wp\/v2\/product\/19573","targetHints":{"allow":["GET"]}}],"collection":[{"href":"https:\/\/www.chambredefan.com\/fr\/wp-json\/wp\/v2\/product"}],"about":[{"href":"https:\/\/www.chambredefan.com\/fr\/wp-json\/wp\/v2\/types\/product"}],"wp:featuredmedia":[{"embeddable":true,"href":"https:\/\/www.chambredefan.com\/fr\/wp-json\/wp\/v2\/media\/19372"}],"wp:attachment":[{"href":"https:\/\/www.chambredefan.com\/fr\/wp-json\/wp\/v2\/media?parent=19573"}],"wp:term":[{"taxonomy":"product_brand","embeddable":true,"href":"https:\/\/www.chambredefan.com\/fr\/wp-json\/wp\/v2\/product_brand?post=19573"},{"taxonomy":"product_cat","embeddable":true,"href":"https:\/\/www.chambredefan.com\/fr\/wp-json\/wp\/v2\/product_cat?post=19573"},{"taxonomy":"product_tag","embeddable":true,"href":"https:\/\/www.chambredefan.com\/fr\/wp-json\/wp\/v2\/product_tag?post=19573"}],"curies":[{"name":"wp","href":"https:\/\/api.w.org\/{rel}","templated":true}]}}